{"version":"1.0","provider_name":"Sub rosa - eml\u00e9kek","provider_url":"https:\/\/masolat.cafeblog.hu","author_name":"Kocsis T.","author_url":"https:\/\/masolat.cafeblog.hu\/author\/xhappy150gmail-com\/","title":"Ketten tizedesk\u00e9nt \u2013 Veres P\u00e9ter \u00e9s \u00e9n\u2026","html":"<p style=\"font-weight: 400\"><strong>Ketten tizedesk\u00e9nt \u2013 Veres P\u00e9ter \u00e9s \u00e9n\u2026<\/strong><\/p>\r\n<p style=\"font-weight: 400\"><strong><img class=\"imgnotext\" src=\"https:\/\/masolat.cafeblog.hu\/files\/2018\/05\/verespeter.jpg\" alt=\"verespeter.jpg\" \/><\/strong><\/p>\r\n<p style=\"font-weight: 400\"><strong><a href=\"https:\/\/hu.wikipedia.org\/wiki\/Veres_P%C3%A9ter_(%C3%ADr%C3%B3)\" target=\"_blank\" rel=\"noopener noreferrer\">Veres P\u00e9ter, ir\u00f3, had\u00fcgyminiszter (1897-1970)<\/a><\/strong><\/p>\r\n<p style=\"font-weight: 400\">\u00a0<\/p>\r\n<p style=\"font-weight: 400\"><strong>\u00d6t \u00e9ves NDK- nyugat-berlini k\u00fcldet\u00e9sem idej\u00e9re esett a <a href=\"http:\/\/www.kislexikon.hu\/varsoi_szerzodes.html\" target=\"_blank\" rel=\"noopener noreferrer\">Vars\u00f3i Szerz\u0151d\u00e9s <\/a>egyik, az NDK ter\u00fclet\u00e9n megtartott \u00f6sszevont nagy hadgyakorlata. Ebbe cs\u00f6ppentem bele, sz\u00e1momra meglep\u0151 m\u00f3don. <br \/>M\u00e1ig sem tudom, mennyire f\u00e9r ez bele a katonai rendbe, de \u00fagy lettem - minden form\u00e1lis\u00a0\u00a0beh\u00edv\u00e1s\u00a0\u00a0mell\u00f5z\u00e9s\u00e9vel - a hadgyakorlatra kivez\u00e9nyelt magyar sajt\u00f3s csoport vezet\u00f5je azon a c\u00edmen, mert ismertem a helyi viszonyokat, hogy err\u00f5l berlini nagyk\u00f6vets\u00e9g\u00fcnk t\u00e1j\u00e9koztatott, egy otthonr\u00f3l \u00e9rkezett t\u00e1virat alapj\u00e1n.\u00a0\u00a0Kieg\u00e9sz\u00edt\u00e9sk\u00e9nt k\u00f6z\u00f6lt\u00e9k, hogy err\u00f5l \u00e9rtes\u00edtett\u00e9k az NDK nemzetv\u00e9delmi miniszt\u00e9rium\u00e1t is, amely felveszi velem a kapcsolatot.<img class=\"imgright\" style=\"margin-left: 5px\" src=\"https:\/\/masolat.cafeblog.hu\/files\/2018\/05\/varsoi_1.jpg\" alt=\"varsoi_1.jpg\" width=\"316\" height=\"405\" \/><\/strong><\/p>\r\n<p style=\"font-weight: 400\"><strong>\u00a0\u00a0\u00a0\u00a0\u00a0\u00a0\u00a0\u00a0\u00a0\u00a0\u00a0\u00a0Ez a kapcsolatfelv\u00e9tel - az illend\u00f5s\u00e9g \u00e9s (gondolom) az NDK-s nemzeti n\u00e9phadsereg, s a\u00a0\u00a0\u00a0VSZ\u00a0szab\u00e1lyai szerint - meg is t\u00f6rt\u00e9nt, a\u00a0\u00a0\u00a0miniszt\u00e9rium k\u00f6zponti \u00e9p\u00fclet\u00e9ben, Strausberg v\u00e1rosk\u00e1ban, 20 kilom\u00e9terre Berlint\u00f5l keletre.\u00a0\u00a0\u00a0Berlinben ugyanis (ez egy\u00e9bk\u00e9nt Nyugat-Berlinre is \u00e9rv\u00e9nyesnek sz\u00e1m\u00edtott) -\u00a0a v\u00e1ros form\u00e1lisan az \u00fajraegyes\u00edt\u00e9sig \u00e9rv\u00e9nyes, de a val\u00f3s\u00e1gban \u00e9vtizedeken \u00e1t be nem tartott k\u00fcl\u00f6nleges st\u00e1tusza miatt - tilos volt n\u00e9met katonai er\u00f5t tartani. Ebb\u00f5l az 1945-ig visszavezethet\u00f5\u00a0\u00a0rendelkez\u00e9sb\u00f5l az NDK - \u00e9rdekes m\u00f3don - betartotta, hogy a Nemzetv\u00e9delmi Miniszt\u00e9rium\u00e1nak k\u00f6zpontj\u00e1t vid\u00e9ken \u00e9p\u00edtette ki, de rendszeresen katonai d\u00edszszeml\u00e9ket tartott a Karl Marx-All\u00e9n, \u00e9s a Szovjetuni\u00f3val k\u00f6z\u00f6sen minden alkalommal elutas\u00edtotta az ez\u00e9rt j\u00e1r\u00f3 menetrend szerinti nyugati tiltakoz\u00e1sokat. A miniszt\u00e9riumban igencsak megbecs\u00fclve\u00a0\u00a0\u00e9reztem magam, mert az els\u00f5 perct\u00f5l kezdve minden katona, f\u00fcggetlen\u00fcl a rangj\u00e1t\u00f3l, feszesen tisztelgett, \u00faton, \u00fatf\u00e9len,\u00a0\u00a0folyos\u00f3kon. A kis\u00e9r\u00f5 tiszt v\u00e9g\u00fcl, sokadik k\u00e9rd\u00e9semre\u00a0\u00a0\u00a0kib\u00f6kte:<\/strong><\/p>\r\n<p style=\"font-weight: 400\"><strong>\u00a0\u00a0\u00a0\u00a0\u00a0\u00a0\u00a0\u00a0\u00a0\u00a0\u00a0\u00a0- \u00d6nnek az\u00e9rt tiszteleg mindenki, mert civilben hozz\u00e1nk csak nagyon fontos elvt\u00e1rsak j\u00e1rnak.<\/strong><\/p>\r\n<p style=\"font-weight: 400\"><strong>\u00a0\u00a0\u00a0\u00a0\u00a0\u00a0\u00a0\u00a0\u00a0\u00a0\u00a0\u00a0Szinte bel\u00e1thatatlanul hossz\u00fa tan\u00e1csteremben igaz\u00edtott el sokunkat egy NDK-s gener\u00e1lis a tervekr\u00f5l \u00e9s a speci\u00e1lis sajt\u00f3s feladatokr\u00f3l.\u00a0\u00a0Rajtam k\u00edv\u00fcl mindenki egyenruh\u00e1t viselt, n\u00e9met \u00e9s szovjet t\u00e1bornoki, lengyel, cseh stb. f\u0151tiszti uniformisokat v\u00e9ltem felismerni. Kider\u00fclt: mi voltunk a hadgyakorlat sajt\u00f3csapat\u00e1nak parancsnokai, mind katon\u00e1k, kiv\u00e9ve engem, mivel Berlinben dolgoz\u00f3 civil k\u00fclf\u00f6ldi tud\u00f3s\u00edt\u00f3 koll\u00e9g\u00e1im k\u00f6z\u00fcl egyet sem l\u00e1ttam. De a kutya sem k\u00e9rdezett katonai rangomr\u00f3l, beoszt\u00e1somr\u00f3l.\u00a0\u00a0<\/strong><\/p>\r\n<p style=\"font-weight: 400\"><strong>\u00a0\u00a0\u00a0\u00a0\u00a0\u00a0\u00a0\u00a0\u00a0\u00a0\u00a0\u00a0Uniformisr\u00f3l el\u00f5sz\u00f6r a hadgyakorlatot megel\u00f5z\u00f5 h\u00e9ten\u00a0\u00a0\u00a0- \u00fajabb budapesti utas\u00edt\u00e1s nyom\u00e1n - esett sz\u00f3: k\u00f6vets\u00e9g\u00fcnk katonai attas\u00e9j\u00e1nak irod\u00e1j\u00e1ban meg kellett adnom minden testi m\u00e9retemet, a fejemt\u00f5l a l\u00e1bamig. <br \/>H\u00e1rom nappal k\u00e9s\u00f5bb pedig megjelent - pontosabban katon\u00e1san jelentkezett - n\u00e1lam, az MTI irod\u00e1j\u00e1ban, egy honv\u00e9dtiszt, s \u00e1tadott egy teljes t\u00e1bori tiszti egyenruha k\u00e9szletet. \u00d5 k\u00e9rdezett r\u00e1 el\u00f5sz\u00f6r a rendfokozatomra: amikor k\u00f6z\u00f6ltem magas tizedesi rangomat, megh\u00f6kkent, majd elviharzott, de otthagyta az egyenruh\u00e1t. (1956 ut\u00e1n ugyanis n\u00e9h\u00e1ny \u00e9vig sz\u00fcnetelt n\u00e1lunk az egyetemist\u00e1k\u00a0\u00a0tartal\u00e9kos tiszti k\u00e9pz\u00e9se, \u00edgy ragadtam le szerencs\u00e9sen a k\u00e9t csont csillagocsk\u00e1n\u00e1l). Egy \u00f3r\u00e1val k\u00e9s\u00f5bb beh\u00edvtak a k\u00f6vets\u00e9gre, ahol N\u00e1rai Istv\u00e1n alt\u00e1bornagy, a n\u00e9phadsereg\u00a0\u00a0kik\u00e9pz\u00e9si f\u00f5n\u00f6ke, a hadgyakorlaton r\u00e9sztvev\u00f5 magyar hadak\u00a0\u00a0vezet\u00f5je k\u00f6z\u00f6lte velem nagy der\u00fbsen a (k\u00e9nyszer)megold\u00e1st. <br \/>(N\u00e1rai t\u00e1bornok <img class=\"imgleft\" style=\"margin-right: 5px\" src=\"https:\/\/masolat.cafeblog.hu\/files\/2018\/05\/narai.jpg\" alt=\"narai.jpg\" width=\"166\" height=\"184\" \/>a kik\u00e9pz\u00e9s\u00e9rt felel\u00f5s honv\u00e9delmi miniszterhelyettess\u00e9gig vitte. \u00d5 volt\u00a0\u00a0az egyik legk\u00e9pzettebb magyar katona, akivel valaha is tal\u00e1lkoztam; arr\u00f3l volt nevezetes, hogy minden hadgyakorlat terep\u00e9t, m\u00e9g a K\u00e1rp\u00e1tokban is, szem\u00e9lyesen pr\u00f3b\u00e1lt ki, miel\u00f5tt szabad utat adott a katon\u00e1k sz\u00e1m\u00e1ra. \u00c9s k\u00f6vetkezetesen\u00a0\u00a0\u201ehelyre tett\u201d\u00a0\u00a0szovjet t\u00e1bornokokat, ha azok\u00a0\u00a0\u00a0\u201celfeledkeztek\u201d r\u00f3la Magyarorsz\u00e1gon, hogy nem otthon vannak, \u00e9s nem saj\u00e1t katon\u00e1knak parancsolnak.\u00a0\u00a0\u00a0Orb\u00e1n Viktor els\u0151 korm\u00e1nyz\u00e1sa idej\u00e9n halt meg, de Fodor Lajos vez\u00e9rezredes, az \u00faj honv\u00e9ds\u00e9g akkori vez\u00e9rkari f\u00f5n\u00f6ke temette el, teljes a katonai pomp\u00e1val.)<\/strong><\/p>\r\n<p style=\"font-weight: 400\"><strong>\u00a0\u00a0\u00a0\u00a0\u00a0\u00a0\u00a0\u00a0\u00a0\u00a0\u00a0\u00a0- Tiszti egyenruh\u00e1ban, de rangjelz\u00e9s n\u00e9lk\u00fcl veszel r\u00e9szt a gyakorlaton - mondta. - Elv\u00e9gre annakidej\u00e9n <a href=\"https:\/\/hu.wikipedia.org\/wiki\/Szemjon_Mihajlovics_Bugyonnij\" target=\"_blank\" rel=\"noopener noreferrer\">Buggyon\u00edj<\/a> is mindig v\u00e1ll-lap n\u00e9lk\u00fcl vez\u00e9nyelte a katon\u00e1kat. De az\u00e9rt megtudhattuk volna kor\u00e1bban is, hogy nem vagy tiszt. Czinege gond n\u00e9lk\u00fcl r\u00e1d akasztott volna n\u00e9h\u00e1ny aranycsillagot...<\/strong><\/p>\r\n<p style=\"font-weight: 400\"><strong>\u00a0\u00a0\u00a0\u00a0\u00a0\u00a0\u00a0\u00a0\u00a0\u00a0\u00a0\u00a0Ez a\u00a0\u00a0v\u00e1ll-lap n\u00e9lk\u00fcli<img class=\"imgnotext\" src=\"https:\/\/masolat.cafeblog.hu\/files\/2018\/05\/sm-budyonny-01.jpg\" alt=\"sm-budyonny-01.jpg\" \/> Buggyonij p\u00e9lda\u00a0\u00a0- bevallom - rendk\u00edv\u00fcl tetszett. A hadgyakorlat f\u00f5pr\u00f3b\u00e1j\u00e1n bel\u00e9m is sz\u00e1llt a kis\u00f6rd\u00f6g, s elhat\u00e1roztam, kipr\u00f3b\u00e1lom, mennyit \u00e9r a katona, ha nem tudj\u00e1k, milyen rangot takar a tiszti uniformis? Kider\u00fclt: t\u00f6bbet, mint valaha is \u00e1lmodtam volna.<\/strong><\/p>\r\n<p style=\"font-weight: 400\"><strong>\u00a0\u00a0\u00a0\u00a0\u00a0\u00a0\u00a0\u00a0\u00a0\u00a0\u00a0\u00a0A\u00a0\u00a0sajt\u00f3trib\u00fcnr\u00f5l lassan elindultam a szentek szent\u00e9lye, a gyakorlat d\u00edsztrib\u00fcnje fel\u00e9, s v\u00e1rtam, hol \u00e9s mikor \u00e1ll\u00edtanak meg. Az eredm\u00e9ny: sehol \u00e9s semmikor. H\u00e1rom perc m\u00falva ott \u00e1lltam a legfels\u00f5bb n\u00e9met \u00e9s VSZ vezet\u00e9s tagjai k\u00f6z\u00f6tt. A magyar katonai sarzsikat\u00a0\u00a0mindenesetre \u00f3vatosan elker\u00fcltem, viszont v\u00e9letlen\u00fcl \u00e9ppen Abraszimov szovjet nagyk\u00f6vet h\u00e1ta m\u00f6g\u00f6tt tal\u00e1ltam magam. A nagyk\u00f6vet megfordult, r\u00e1m n\u00e9zett, \u00e9szrevettem, hogy r\u00e1j\u00f6tt, l\u00e1tta m\u00e1r az arcomat, de fogalma sem volt, hol. V\u00e1ratlanul\u00a0\u00a0oroszul, mint ami a vil\u00e1g legterm\u00e9szetesebb dolga, katon\u00e1san r\u00e1m mordult (k\u00e9s\u00f5bb ut\u00e1nan\u00e9ztem, partiz\u00e1n volt a vil\u00e1gh\u00e1bor\u00faban):<\/strong><\/p>\r\n<p style=\"font-weight: 400\"><strong>\u00a0\u00a0\u00a0\u00a0\u00a0\u00a0\u00a0\u00a0\u00a0\u00a0\u00a0\u00a0- Azonnal h\u00edvja ide\u00a0\u00a0<a href=\"https:\/\/de.wikipedia.org\/wiki\/Heinz_Hoffmann_(General)\" target=\"_blank\" rel=\"noopener noreferrer\">Hoffmann<\/a> hadseregt\u00e1bornokot!<\/strong><\/p>\r\n<p style=\"font-weight: 400\"><strong>\u00a0\u00a0\u00a0\u00a0\u00a0\u00a0\u00a0\u00a0\u00a0\u00a0\u00a0\u00a0- Da - feleltem ugyan\u00fagy oroszul az igent, \u00e9s olyan harcosan, mintha eg\u00e9sz \u00e9letemben ilyen parancsokat tov\u00e1bb\u00edtottam volna -, majd odamas\u00edroztam az Erich Honecker NSZEP p\u00e1rtf\u00f5titk\u00e1r \u00e9s \u00e1llamf\u00f5 mellett fesz\u00edt\u00f5 Heinz Hoffmann nemzetv\u00e9delmi miniszterhez, a n\u00e9met p\u00e1rt legsz\u00fbkebb vezet\u00e9s\u00e9nek tagj\u00e1hoz.<\/strong><\/p>\r\n<p style=\"font-weight: 400\"><strong>\u00a0\u00a0\u00a0\u00a0\u00a0\u00a0\u00a0\u00a0\u00a0\u00a0\u00a0\u00a0- Abraszimov elvt\u00e1rs hivatja - mondtam nem \u00e9ppen b\u00f5besz\u00e9d\u00fben. N\u00e9met\u00fcl sz\u00f3ltam, azt l\u00e1tta, hogy magyar egyenruh\u00e1t viselek (csak ism\u00e9tlem magam, rangjelz\u00e9s n\u00e9lk\u00fcl), m\u00e9gis mag\u00e1t\u00f3l \u00e9rtet\u00f5d\u00f5k\u00e9nt fogadta, amit k\u00f6z\u00f6ltem.<\/strong><\/p>\r\n<p style=\"font-weight: 400\"><strong>\u00a0\u00a0\u00a0\u00a0\u00a0\u00a0\u00a0\u00a0\u00a0\u00a0\u00a0\u00a0- M\u00e1ris megyek - ennyi volt a v\u00e1lasza, s m\u00e1r \u00faton is volt a szovjet nagyk\u00f6vet fel\u00e9. \u00c9n meg v\u00e9gre jobbnak l\u00e1ttam, ha felt\u00fbn\u00e9s n\u00e9lk\u00fcl t\u00e1vozok. Siker\u00fclt...<\/strong><\/p>\r\n<p style=\"font-weight: 400\"><strong>\u00a0\u00a0\u00a0\u00a0\u00a0\u00a0\u00a0\u00a0\u00a0\u00a0\u00a0\u00a0S hogy teljes legyen a t\u00f6rt\u00e9net: amikor hazaker\u00fcltem \u00e9s a Daily News f\u0151szerkeszt\u0151je lettem, r\u00e1ad\u00e1sk\u00e9nt kineveztek \u2013 rendk\u00edv\u00fcli helyzet eset\u00e9re \u2013 az MTI f\u0151cenzor\u00e1nak is. \u00c9s persze a katonai rangomr\u00f3l megint sz\u00f3 sem esett. Az\u00f3ta is elk\u00e9pzelem magam, amint tizedesi egyenruh\u00e1ban d\u00edszelgek a TASZSZ, az <a href=\"https:\/\/en.wikipedia.org\/wiki\/Allgemeiner_Deutscher_Nachrichtendienst\" target=\"_blank\" rel=\"noopener noreferrer\">ADN<\/a> \u00e9s a t\u00f6bbi \u201evars\u00f3i\u201d h\u00edr\u00fcgyn\u00f6ks\u00e9g f\u0151cenzorainak tan\u00e1cskoz\u00e1s\u00e1n\u2026<\/strong><\/p>\r\n<p style=\"font-weight: 400\"><strong>\u00a0\u00a0\u00a0\u00a0\u00a0\u00a0\u00a0\u00a0\u00a0\u00a0\u00a0\u00a0De h\u00e1t: ha Veres P\u00e9ter lehetett tizedesk\u00e9nt\u00a0\u00a0honv\u00e9delmi miniszter\u2026<\/strong><\/p>","type":"rich"}