{"version":"1.0","provider_name":"Sub rosa - eml\u00e9kek","provider_url":"https:\/\/masolat.cafeblog.hu","author_name":"Kocsis T.","author_url":"https:\/\/masolat.cafeblog.hu\/author\/xhappy150gmail-com\/","title":"Amerigo Tot \u2013 aki T\u00f3th Imre","html":"<p><a href=\"https:\/\/masolat.cafeblog.hu\/files\/2017\/09\/amerigo.jpg\" target=\"_self\"><strong><img class=\"imgnotext\" src=\"https:\/\/masolat.cafeblog.hu\/files\/2017\/09\/amerigo.jpg\" alt=\"amerigo.jpg\" width=\"229\" height=\"303\" \/>\u00a0<\/strong><\/a><strong><a href=\"https:\/\/hu.wikipedia.org\/wiki\/Amerigo_Tot\" target=\"_self\">Amerigo Tot<\/a> (1909-1984) a magam m\u00e9rc\u00e9je szerint az\u00e9rt T\u00f3th Imre is, mert \u00edgy \u00edrta al\u00e1 azt a level\u00e9t, amelyet r\u00f6viddel a hal\u00e1la el\u0151tt kaptam t\u0151le, s egyed\u00fcl\u00e1ll\u00f3 ritkas\u00e1gk\u00e9nt maradt meg szem\u00e9lyes kincseim k\u00f6z\u00f6tt. Ha \u00edgy \u00edrta, biztosan az\u00e9rt tette, mert magyar m\u0171v\u00e9sznek \u00e9rezte mag\u00e1t, amikor az MTI egyik vezet\u0151jek\u00e9nt tett r\u00f3mai l\u00e1togat\u00e1som el\u0151tt fotograf\u00e1l\u00e1si c\u00e9llal \u00f6ssze\u00e1ll\u00edtott sz\u00e1momra egy list\u00e1t, \u201eMagyar nyomok R\u00f3m\u00e1ban\u201d c\u00edmmel. Ism\u00e9tlem, magyar szobr\u00e1sznak tekintem, - \u00fagy hiszem a legnagyobbnak a huszadik sz\u00e1zadiak k\u00f6z\u00fcl -, nem pedig magyar sz\u00e1rmaz\u00e1s\u00fanak, ahogyan m\u00e1sok oly sz\u00edvesen emlegetik \u0151t \u00e9s \u00f6nmagukat, ami m\u00e1sfajta k\u00f6t\u0151d\u00e9s az otthonhoz a vil\u00e1gban, (nemcsak) Tam\u00e1si \u00c1ron szem\u00fcveg\u00e9n \u00e1t (\u201eAz\u00e9rt vagyunk a vil\u00e1gon, hogy valahol otthon legy\u00fcnk benne\u201d). Pedig 1937-ben lett az olasz m\u0171v\u00e9szeti \u00e9let egyik legmark\u00e1nsabb tart\u00f3oszlopa, s\u00a0\u00a0 \u00e9lete v\u00e9g\u00e9ig nem szakadt el R\u00f3m\u00e1t\u00f3l. \u00cdgy m\u00e9lt\u00e1n ker\u00fclt be a vil\u00e1g imm\u00e1r klasszikusnak sz\u00e1m\u00edt\u00f3 k\u00e9pz\u0151m\u0171v\u00e9szeinek n\u00e9vsor\u00e1r\u00e1ba Amerigo TOT n\u00e9ven, b\u00e1r a kozmopolit\u00e1knak f\u00e1radozniuk kell valamennyit, ha egy\u00e1ltal\u00e1n r\u00e1 akarnak j\u00f6nni, hogy ez az \u201eAmerikai\u201c keresztnevet visel\u0151 \u201eT\u00f3t\u201d vezet\u00e9knev\u0171 olasz -\u00a0 bizony \u00edzig-v\u00e9rig\u00a0 Fej\u00e9r megyei magyar,\u00a0 aki a sz\u00e9p nev\u0171 Feh\u00e9rcsurg\u00f3n sz\u00fcletett.<\/strong><\/p>\r\n<p><strong>\u00a0\u00a0\u00a0\u00a0\u00a0\u00a0\u00a0\u00a0\u00a0\u00a0\u00a0 Nekem az \u00e9let kis fintorocsk\u00e1ja, hogy az el\u0151bb emlegetett, t\u0151le kapott list\u00e1n ott szerepel az 1760-ban alap\u00edtott Caffe Greco is (pontosan az emblematikus \u201eSpanyol-l\u00e9pcs\u0151\u201d l\u00e1b\u00e1val szemben ny\u00edl\u00f3 kis utc\u00e1cska elej\u00e9n \u00e1ll), amely ma is az \u201e\u00d6r\u00f6k v\u00e1ros\u201d legpatin\u00e1sabb k\u00e1v\u00e9z\u00f3ja (legut\u00f3bb 2006 szeptember\u00e9b\u0151l\u00a0 tan\u00fas\u00edthattam), amelyik a nev\u00e9t\u00a0 egy XVI. sz\u00e1zadi k\u00fclf\u00f6ldit\u0151l, egy m\u00e1sik kor \u201cAmerigo Tot\u201d-j\u00e1t\u00f3l kapta. A kr\u00e9tai sz\u00e1rmaz\u00e1s\u00fa halhatatlan fest\u0151, El Greco a n\u00e9vad\u00f3 (eredetileg a Domenikosz nevet viselte, de ki eml\u00e9kezik erre, hiszen naggy\u00e1 \u201eA g\u00f6r\u00f6gk\u00e9nt\u201d v\u00e1lt a vil\u00e1g sz\u00e1m\u00e1ra), akit tal\u00e1n \u00e9pp \u00fagy olvasztott mag\u00e1ba akkor R\u00f3ma, mint ut\u00f3bb a magyar szobr\u00e1szt. \u0150, mint saj\u00e1tos m\u0171v\u00e9szett\u00f6rt\u00e9neti l\u00e1bjegyzet keveredett bele az eml\u00e9keimbe: \u201cEz volt Liszt Ferenc k\u00e1v\u00e9z\u00f3ja is, mert a k\u00f6zelben lakott a l\u00e1nya\u201d.<\/strong><\/p>\r\n<p><strong>A Hotel Imperial, a Via Veneto elej\u00e9n k\u00e9t okb\u00f3l is felki\u00e1lt\u00f3jelet kapott T\u00f3th alias Tott\u00f3l: f\u0151k\u00e9nt persze, mert itt lakott 1911-ben Ady Endre, s ezt most is eml\u00e9kt\u00e1bla hirdeti (igaz, a harmadik \u00e9vezredben m\u00e1r csak a f\u0151recepci\u00f3s tudott r\u00f3la, az ifjabb akkor \u00e9bredt r\u00e1, amikor f\u0151n\u00f6ke parancs\u00e1ra megmutatta \u201eaz ajt\u00f3 mellett, jobbra fel\u00fcl\u201d a t\u00e1bl\u00e1t feles\u00e9gemnek \u00e9s nekem, de ezek ut\u00e1n tal\u00e1n \u0151 is megtudakolta, kir\u0151l \u00e1rulkodik a felirat). A m\u00e1sik ok sem mell\u00e9kes, a szomjas magyar v\u00e1ndornak semmik\u00e9pp: \u201eA szomsz\u00e9d b\u00e1rban adj\u00e1k a legjobb j\u00e9ghideg vizet a k\u00e1v\u00e9 mell\u00e9.\u201d A T\u00f3th-Tot-list\u00e1t nem id\u00e9zhetem a v\u00e9gtelens\u00e9gig, de kider\u00fcl bel\u0151le, hogy van R\u00f3m\u00e1ban eml\u00e9khelye Hunyadi J\u00e1nosnak \u00e9pp \u00fagy, mint az egykor p\u00e1pas\u00e1gra \u00e1h\u00edtoz\u00f3 Bak\u00f3cz Tam\u00e1snak, vagy R\u00e1k\u00f3czinak \u00e9s Sz\u00e9chenyi Istv\u00e1nnak; Zr\u00ednyi-villa is bujk\u00e1l az elpuszt\u00edthatatlan h\u00e1zak k\u00f6z\u00f6tt, s joggal lehet\u00fcnk b\u00fcszk\u00e9k Garibaldi magyar t\u00e1bornok\u00e1nak, T\u00fcrr Istv\u00e1nnak a valakik \u00e1ltal a harmadik \u00e9vezredben is gondozott szobr\u00e1ra, \u00faton a Vatik\u00e1n fel\u00e9. Ott meg, a Szent P\u00e9ter-t\u00e9r alatt a Bazilik\u00e1ban, 1980 \u00f3ta, a magyar k\u00e1polna olt\u00e1r m\u00f6g\u00f6tti z\u00e1r\u00f3falat Amerigo Tot magyar t\u00f6rt\u00e9nelmi jeleneteket felid\u00e9z\u0151 var\u00e1zslatos domborm\u0171ve d\u00edsz\u00edti. Saj\u00e1t list\u00e1j\u00e1n \u00f6nmag\u00e1t nem eml\u00edti, csak annyit \u00edrt err\u0151l: \u201eMagyarok Nagyasszonya-k\u00e1polna. Varga Imre szobrai csod\u00e1latosak\u201d. Csak rem\u00e9lem: a lista seg\u00edts\u00e9g\u00e9vel k\u00e9sz\u00fclt k\u00e9pek legal\u00e1bb egy r\u00e9sze t\u00fal\u00e9lte az MTI fot\u00f3 arch\u00edvum\u00e1ban az ut\u00f3bbi \u00e9vtizedeket.<\/strong><\/p>\r\n<p><strong>\u00a0\u00a0\u00a0\u00a0\u00a0\u00a0\u00a0\u00a0\u00a0\u00a0\u00a0 A ma a menek\u00fcltek t\u00e1boroz\u00e1s\u00e1r\u00f3l is ismert Termini p\u00e1lyaudvarhoz \u00edrt megjegyz\u00e9se pedig: \u201eItt m\u00e9g a taxis is \u00e9rt magyarul\u201d. \u00c9s - ezt m\u00e1r \u00e9n teszem hozz\u00e1 - minden buszvezet\u0151 tudja, hogy a f\u0151bej\u00e1rat feletti f\u00e9m domborm\u0171 alkot\u00f3ja Amerigo Tot. Mi a zsenialit\u00e1sa? Nem v\u00e1llalom r\u00e1 a feleletet. De itt d\u00f6bbentem r\u00e1: ha van olyan k\u00e9pz\u0151m\u0171v\u00e9szeti alkot\u00e1s, amely csak eredetiben \u00e9s a maga hely\u00e9n csod\u00e1lhat\u00f3, akkor r\u00e1tal\u00e1ltam. Csak a t\u00e9rr\u0151l mag\u00e1r\u00f3l \u00e9s kiz\u00e1r\u00f3lag olyan t\u00e1volb\u00f3l \u00e9lvezhet\u0151 igaz\u00e1n, ahol az eg\u00e9sz m\u0171vet egyszerre tudja \u00e1tfogni az emberi szem. Minden m\u00e1s - f\u00e9nyk\u00e9p, rajz, b\u00e1rmi egy\u00e9b a Termini homlokzat\u00e1r\u00f3l - eleve torz\u00f3. \u00cdgy akarta az alkot\u00f3? Tal\u00e1n, de\u00a0\u00a0\u00a0 ez nem csak a m\u0171v\u00e9sz, a m\u0171v\u00e9szet egyik megfejthetetlen titka is.<\/strong><\/p>\r\n<p><strong>\u00a0\u00a0\u00a0\u00a0\u00a0\u00a0\u00a0\u00a0\u00a0\u00a0\u00a0 \u00c9s <a href=\"http:\/\/www.ludwigmuseum.hu\/site.php?inc=kiallitas&amp;kiallitasId=477&amp;menuId=44\" target=\"_blank\" rel=\"noopener noreferrer\">T\u00f3th Imre alias Amerigo Tot <\/a>halhatatlans\u00e1g\u00e1\u00e9 -\u00a0 a magyar\u00e9, akinek m\u00e1r biztosan ott a helye a vil\u00e1g \u00f6r\u00f6k nagyjai k\u00f6z\u00f6tt...<br \/><br \/><br \/>\u00a0<a href=\"https:\/\/issuu.com\/amerigotot\/docs\/amerigo_tot_book_issue\">Mi a zsenialit\u00e1sa?<\/a>\u00a0Nem v\u00e1llalom r\u00e1 a feleletet.. ( Nemes P\u00e9ter bevezet\u0151j\u00e9vel \u00e9s Bereczky L\u00f3r\u00e1nd tanulm\u00e1ny\u00e1val)<br \/><br \/><a href=\"https:\/\/www.kozterkep.hu\/~\/12612\/A_Mag_apoteozisa_Godollo_1983.html\" target=\"_blank\" rel=\"noopener noreferrer\">A legismertebb, a legnagyobb<br \/><\/a><\/strong><\/p>\r\n<h1>A mag apote\u00f3zisa<img class=\"imgnotext open-in-modal\" src=\"https:\/\/masolat.cafeblog.hu\/files\/2017\/09\/az_atom.jpg\" alt=\"az_atom.jpg\" \/><\/h1>\r\n<p><strong><br \/><br \/><\/strong><\/p>\r\n<p><a href=\"https:\/\/szoborkereso.hu\/?alkoto=Amerigo+Tot\" target=\"_blank\" rel=\"noopener noreferrer\"><b>Amerigo Tot alkot\u00e1sai<br \/><br \/><br \/><\/b><\/a><\/p>\r\n<h1>\u0150fels\u00e9ge, a Kilowatt (1969)<\/h1>\r\n<p><strong><img class=\"imgleft\" style=\"margin-right: 5px\" src=\"https:\/\/masolat.cafeblog.hu\/files\/2017\/09\/kilowatt.jpg\" alt=\"kilowatt.jpg\" width=\"234\" height=\"168\" \/><img class=\"imgnotext open-in-modal\" src=\"https:\/\/masolat.cafeblog.hu\/files\/2017\/09\/kilowatt2.jpg\" alt=\"kilowatt2.jpg\" width=\"193\" height=\"198\" \/><a href=\"https:\/\/www.kozterkep.hu\/~\/25487\/Ofelsege_a_Kilowatt_Tihany_1970.html\" target=\"_blank\" rel=\"noopener noreferrer\">Eredeti hely\u00e9n ------- \u00e9s ma\u00a0<\/a><br \/><br \/><br \/><br \/><br \/><br \/><\/strong><a href=\"https:\/\/www.kollergaleria.hu\/amerigo_tot_memorial_room-8.php\" target=\"_blank\" rel=\"noopener noreferrer\"><strong>M\u00fazeum Budapesten<\/strong><\/a><\/p>","type":"rich"}